{"id":7628,"date":"2024-08-05T10:46:03","date_gmt":"2024-08-05T10:46:03","guid":{"rendered":"https:\/\/demenagementcargo.com\/service\/carignan-moving-company\/"},"modified":"2026-02-04T15:51:09","modified_gmt":"2026-02-04T15:51:09","slug":"carignan-moving-company","status":"publish","type":"service","link":"https:\/\/demenagementcargo.com\/en\/lieu\/demenageurs-carignan-chambly\/","title":{"rendered":"Carignan Moving Company"},"content":{"rendered":"\t\t<div data-elementor-type=\"wp-post\" data-elementor-id=\"7628\" class=\"elementor elementor-7628 elementor-5553\" data-elementor-post-type=\"service\">\n\t\t\t\t<div class=\"elementor-element elementor-element-5a228736 e-flex e-con-boxed e-con e-parent\" data-id=\"5a228736\" data-element_type=\"container\">\n\t\t\t\t\t<div class=\"e-con-inner\">\n\t\t\t\t<div class=\"elementor-element elementor-element-9208afd elementor-widget elementor-widget-menu-anchor\" data-id=\"9208afd\" data-element_type=\"widget\" data-widget_type=\"menu-anchor.default\">\n\t\t\t\t<div class=\"elementor-widget-container\">\n\t\t\t\t\t\t\t<div class=\"elementor-menu-anchor\" id=\"moving-carignan\"><\/div>\n\t\t\t\t\t\t<\/div>\n\t\t\t\t<\/div>\n\t\t\t\t<div class=\"elementor-element elementor-element-9c53819 elementor-widget elementor-widget-heading\" data-id=\"9c53819\" data-element_type=\"widget\" id=\"moving-carignan\" data-widget_type=\"heading.default\">\n\t\t\t\t<div class=\"elementor-widget-container\">\n\t\t\t\t\t<h1 class=\"elementor-heading-title elementor-size-default\">Moving Carignan: your local partner on the South Shore<\/h1>\t\t\t\t<\/div>\n\t\t\t\t<\/div>\n\t\t\t\t<div class=\"elementor-element elementor-element-30c0b3d elementor-widget elementor-widget-text-editor\" data-id=\"30c0b3d\" data-element_type=\"widget\" data-widget_type=\"text-editor.default\">\n\t\t\t\t<div class=\"elementor-widget-container\">\n\t\t\t\t\t\t\t\t\t<p>Planning a <strong>moving Carignan<\/strong>? An excellent decision! At Demenagement Cargo Transport, we&#8217;re expert local movers with over 12 years&#8217; experience in the region. We understand that moving is an important step. That&#8217;s why our mission is to make your transition as easy and stress-free as possible.<\/p><p>Our team of professional movers knows Carignan like the back of their hand, from main roads like Route 112 and Autoroute 10 to quieter residential neighborhoods. We&#8217;re here to provide you with reliable <strong>Carignan moving<\/strong> services, 7 days a week.<\/p>\t\t\t\t\t\t\t\t<\/div>\n\t\t\t\t<\/div>\n\t\t\t\t<div class=\"elementor-element elementor-element-b28d0ed elementor-toc--minimized-on-desktop elementor-widget elementor-widget-table-of-contents\" data-id=\"b28d0ed\" data-element_type=\"widget\" data-settings=\"{&quot;headings_by_tags&quot;:[&quot;h2&quot;,&quot;h3&quot;],&quot;exclude_headings_by_selector&quot;:[],&quot;no_headings_message&quot;:&quot;Aucun titre n\\u2019a \\u00e9t\\u00e9 trouv\\u00e9 sur cette page.&quot;,&quot;minimized_on&quot;:&quot;desktop&quot;,&quot;marker_view&quot;:&quot;numbers&quot;,&quot;minimize_box&quot;:&quot;yes&quot;,&quot;hierarchical_view&quot;:&quot;yes&quot;,&quot;min_height&quot;:{&quot;unit&quot;:&quot;px&quot;,&quot;size&quot;:&quot;&quot;,&quot;sizes&quot;:[]},&quot;min_height_tablet&quot;:{&quot;unit&quot;:&quot;px&quot;,&quot;size&quot;:&quot;&quot;,&quot;sizes&quot;:[]},&quot;min_height_mobile&quot;:{&quot;unit&quot;:&quot;px&quot;,&quot;size&quot;:&quot;&quot;,&quot;sizes&quot;:[]}}\" data-widget_type=\"table-of-contents.default\">\n\t\t\t\t<div class=\"elementor-widget-container\">\n\t\t\t\t\t\t\t\t\t<div class=\"elementor-toc__header\">\n\t\t\t\t\t\t<div class=\"elementor-toc__header-title\">\n\t\t\t\tTable of contents\t\t\t<\/div>\n\t\t\t\t\t\t\t\t\t\t<div class=\"elementor-toc__toggle-button elementor-toc__toggle-button--expand\" role=\"button\" tabindex=\"0\" aria-controls=\"elementor-toc__b28d0ed\" aria-expanded=\"true\" aria-label=\"Open table of contents\"><svg aria-hidden=\"true\" class=\"e-font-icon-svg e-fas-chevron-down\" viewBox=\"0 0 448 512\" xmlns=\"http:\/\/www.w3.org\/2000\/svg\"><path d=\"M207.029 381.476L12.686 187.132c-9.373-9.373-9.373-24.569 0-33.941l22.667-22.667c9.357-9.357 24.522-9.375 33.901-.04L224 284.505l154.745-154.021c9.379-9.335 24.544-9.317 33.901.04l22.667 22.667c9.373 9.373 9.373 24.569 0 33.941L240.971 381.476c-9.373 9.372-24.569 9.372-33.942 0z\"><\/path><\/svg><\/div>\n\t\t\t\t<div class=\"elementor-toc__toggle-button elementor-toc__toggle-button--collapse\" role=\"button\" tabindex=\"0\" aria-controls=\"elementor-toc__b28d0ed\" aria-expanded=\"true\" aria-label=\"Close table of contents\"><svg aria-hidden=\"true\" class=\"e-font-icon-svg e-fas-chevron-up\" viewBox=\"0 0 448 512\" xmlns=\"http:\/\/www.w3.org\/2000\/svg\"><path d=\"M240.971 130.524l194.343 194.343c9.373 9.373 9.373 24.569 0 33.941l-22.667 22.667c-9.357 9.357-24.522 9.375-33.901.04L224 227.495 69.255 381.516c-9.379 9.335-24.544 9.317-33.901-.04l-22.667-22.667c-9.373-9.373-9.373-24.569 0-33.941L207.03 130.525c9.372-9.373 24.568-9.373 33.941-.001z\"><\/path><\/svg><\/div>\n\t\t\t\t\t<\/div>\n\t\t\t\t<div id=\"elementor-toc__b28d0ed\" class=\"elementor-toc__body\">\n\t\t\t<div class=\"elementor-toc__spinner-container\">\n\t\t\t\t<svg class=\"elementor-toc__spinner eicon-animation-spin e-font-icon-svg e-eicon-loading\" aria-hidden=\"true\" viewBox=\"0 0 1000 1000\" xmlns=\"http:\/\/www.w3.org\/2000\/svg\"><path d=\"M500 975V858C696 858 858 696 858 500S696 142 500 142 142 304 142 500H25C25 237 238 25 500 25S975 237 975 500 763 975 500 975Z\"><\/path><\/svg>\t\t\t<\/div>\n\t\t<\/div>\n\t\t\t\t\t\t<\/div>\n\t\t\t\t<\/div>\n\t\t\t\t<div class=\"elementor-element elementor-element-beac0d1 elementor-widget elementor-widget-menu-anchor\" data-id=\"beac0d1\" data-element_type=\"widget\" data-widget_type=\"menu-anchor.default\">\n\t\t\t\t<div class=\"elementor-widget-container\">\n\t\t\t\t\t\t\t<div class=\"elementor-menu-anchor\" id=\"why-live-in-carignan\"><\/div>\n\t\t\t\t\t\t<\/div>\n\t\t\t\t<\/div>\n\t\t\t\t<div class=\"elementor-element elementor-element-d651905 elementor-widget elementor-widget-heading\" data-id=\"d651905\" data-element_type=\"widget\" id=\"why-live-in-carignan\" data-widget_type=\"heading.default\">\n\t\t\t\t<div class=\"elementor-widget-container\">\n\t\t\t\t\t<h2 class=\"elementor-heading-title elementor-size-default\">Why is Carignan a great place to live?<\/h2>\t\t\t\t<\/div>\n\t\t\t\t<\/div>\n\t\t<div class=\"elementor-element elementor-element-c762be7 e-grid e-con-full e-con e-child\" data-id=\"c762be7\" data-element_type=\"container\">\n\t\t\t\t<div class=\"elementor-element elementor-element-6206f47 elementor-widget elementor-widget-image\" data-id=\"6206f47\" data-element_type=\"widget\" data-widget_type=\"image.default\">\n\t\t\t\t<div class=\"elementor-widget-container\">\n\t\t\t\t\t\t\t\t\t\t\t\t\t\t\t<img fetchpriority=\"high\" decoding=\"async\" width=\"1080\" height=\"608\" src=\"https:\/\/demenagementcargo.com\/wp-content\/uploads\/2024\/08\/20230220_094352-scaled-e1690876808867.jpg\" class=\"attachment-full size-full wp-image-6659\" alt=\"d\u00e9m\u00e9nagement Carignan\" srcset=\"https:\/\/demenagementcargo.com\/wp-content\/uploads\/2024\/08\/20230220_094352-scaled-e1690876808867.jpg 1080w, https:\/\/demenagementcargo.com\/wp-content\/uploads\/2024\/08\/20230220_094352-scaled-e1690876808867-300x169.jpg 300w, https:\/\/demenagementcargo.com\/wp-content\/uploads\/2024\/08\/20230220_094352-scaled-e1690876808867-1024x576.jpg 1024w, https:\/\/demenagementcargo.com\/wp-content\/uploads\/2024\/08\/20230220_094352-scaled-e1690876808867-768x432.jpg 768w\" sizes=\"(max-width: 1080px) 100vw, 1080px\" \/>\t\t\t\t\t\t\t\t\t\t\t\t\t\t\t<\/div>\n\t\t\t\t<\/div>\n\t\t\t\t<div class=\"elementor-element elementor-element-b0bebf4 elementor-widget elementor-widget-image\" data-id=\"b0bebf4\" data-element_type=\"widget\" data-widget_type=\"image.default\">\n\t\t\t\t<div class=\"elementor-widget-container\">\n\t\t\t\t\t\t\t\t\t\t\t\t\t\t\t<img decoding=\"async\" width=\"1080\" height=\"608\" src=\"https:\/\/demenagementcargo.com\/wp-content\/uploads\/2024\/08\/20211005_142619-scaled-e1690876984689.jpg\" class=\"attachment-full size-full wp-image-6658\" alt=\"D\u00e9m\u00e9nagement  Carignan\" srcset=\"https:\/\/demenagementcargo.com\/wp-content\/uploads\/2024\/08\/20211005_142619-scaled-e1690876984689.jpg 1080w, https:\/\/demenagementcargo.com\/wp-content\/uploads\/2024\/08\/20211005_142619-scaled-e1690876984689-300x169.jpg 300w, https:\/\/demenagementcargo.com\/wp-content\/uploads\/2024\/08\/20211005_142619-scaled-e1690876984689-1024x576.jpg 1024w, https:\/\/demenagementcargo.com\/wp-content\/uploads\/2024\/08\/20211005_142619-scaled-e1690876984689-768x432.jpg 768w\" sizes=\"(max-width: 1080px) 100vw, 1080px\" \/>\t\t\t\t\t\t\t\t\t\t\t\t\t\t\t<\/div>\n\t\t\t\t<\/div>\n\t\t\t\t<\/div>\n\t\t\t\t<div class=\"elementor-element elementor-element-df40cb2 elementor-widget elementor-widget-text-editor\" data-id=\"df40cb2\" data-element_type=\"widget\" data-widget_type=\"text-editor.default\">\n\t\t\t\t<div class=\"elementor-widget-container\">\n\t\t\t\t\t\t\t\t\t<p>Carignan is much more than just a <a href=\"https:\/\/demenagementcargo.com\/en\/south-shore\/\" target=\"_blank\" rel=\"noopener\">South Shore<\/a> town. It&#8217;s a fast-growing community that has seen its population increase by nearly 25% in recent years to <a href=\"https:\/\/www12.statcan.gc.ca\/census-recensement\/2021\/dp-pd\/prof\/details\/page.cfm?Lang=F&amp;SearchText=Carignan&amp;GENDERlist=1&amp;STATISTIClist=1&amp;DGUIDlist=2021A00052457010\" target=\"_blank\" rel=\"noopener\">over 12,000 residents<\/a>.<\/p><p>Here&#8217;s what makes Carignan so attractive:<\/p><ul><li><strong>The exceptional living environment<\/strong> is a major asset. Enjoy nature with the magnificent Chambly Canal, bike paths and numerous parks.<\/li><li><strong>Proximity and accessibility<\/strong> are also remarkable. Located less than 30 minutes from Montreal, Carignan offers a perfect balance between the tranquility of the suburbs and the hustle and bustle of the metropolis.<\/li><li>Last but not least, it&#8217;s a <strong>family-friendly community<\/strong> with excellent schools and a safe atmosphere, the ideal place for families.<\/li><\/ul><p>Join a dynamic community where quality of life is a priority. <a href=\"https:\/\/demenagementcargo.com\/en\/\" target=\"_blank\" rel=\"noopener\">Demenagement Cargo Transport<\/a> helps you pack your bags.<\/p>\t\t\t\t\t\t\t\t<\/div>\n\t\t\t\t<\/div>\n\t\t\t\t<div class=\"elementor-element elementor-element-23ebe0f elementor-widget elementor-widget-menu-anchor\" data-id=\"23ebe0f\" data-element_type=\"widget\" data-widget_type=\"menu-anchor.default\">\n\t\t\t\t<div class=\"elementor-widget-container\">\n\t\t\t\t\t\t\t<div class=\"elementor-menu-anchor\" id=\"moving-services-carignan\"><\/div>\n\t\t\t\t\t\t<\/div>\n\t\t\t\t<\/div>\n\t\t\t\t<div class=\"elementor-element elementor-element-656cc12 elementor-widget elementor-widget-heading\" data-id=\"656cc12\" data-element_type=\"widget\" id=\"moving-services-carignan\" data-widget_type=\"heading.default\">\n\t\t\t\t<div class=\"elementor-widget-container\">\n\t\t\t\t\t<h2 class=\"elementor-heading-title elementor-size-default\">Moving services tailored to your needs in Carignan<\/h2>\t\t\t\t<\/div>\n\t\t\t\t<\/div>\n\t\t\t\t<div class=\"elementor-element elementor-element-308071f elementor-widget elementor-widget-image\" data-id=\"308071f\" data-element_type=\"widget\" data-widget_type=\"image.default\">\n\t\t\t\t<div class=\"elementor-widget-container\">\n\t\t\t\t\t\t\t\t\t\t\t\t\t\t\t<img decoding=\"async\" width=\"1080\" height=\"512\" src=\"https:\/\/demenagementcargo.com\/wp-content\/uploads\/2024\/08\/20221214_110251-scaled-e1690876600153.jpg\" class=\"attachment-full size-full wp-image-6660\" alt=\"d\u00e9m\u00e9nagement Carignan\" srcset=\"https:\/\/demenagementcargo.com\/wp-content\/uploads\/2024\/08\/20221214_110251-scaled-e1690876600153.jpg 1080w, https:\/\/demenagementcargo.com\/wp-content\/uploads\/2024\/08\/20221214_110251-scaled-e1690876600153-300x142.jpg 300w, https:\/\/demenagementcargo.com\/wp-content\/uploads\/2024\/08\/20221214_110251-scaled-e1690876600153-1024x485.jpg 1024w, https:\/\/demenagementcargo.com\/wp-content\/uploads\/2024\/08\/20221214_110251-scaled-e1690876600153-768x364.jpg 768w\" sizes=\"(max-width: 1080px) 100vw, 1080px\" \/>\t\t\t\t\t\t\t\t\t\t\t\t\t\t\t<\/div>\n\t\t\t\t<\/div>\n\t\t\t\t<div class=\"elementor-element elementor-element-caaeca0 elementor-widget elementor-widget-text-editor\" data-id=\"caaeca0\" data-element_type=\"widget\" data-widget_type=\"text-editor.default\">\n\t\t\t\t<div class=\"elementor-widget-container\">\n\t\t\t\t\t\t\t\t\t<p>Every Carignan move is different. We offer a full range of services to meet your exact requirements.<\/p><ul><li><strong>Residential Moving<\/strong><\/li><\/ul><p>Whether you&#8217;re moving into a house, condo or apartment, we treat your property with the utmost care. Our service includes secure packing of your furniture, transportation and installation in your new home. Your satisfaction is our priority.<\/p><ul><li><strong>Commercial moving<\/strong><\/li><\/ul><p>We know that for a company, time is precious. We plan your <a href=\"https:\/\/demenagementcargo.com\/en\/montreal\/commercial-development\/\" target=\"_blank\" rel=\"noopener\">commercial move<\/a> to minimize business interruption. We transport your offices, equipment and archives quickly, efficiently and confidentially.<\/p><ul><li><strong>Transport of heavy and fragile objects<\/strong><\/li><\/ul><p>Do you own an upright or grand piano, a <a href=\"https:\/\/demenagementcargo.com\/en\/montreal\/relocation-pool-tables\/\" target=\"_blank\" rel=\"noopener\">billiard table<\/a> or a safe? Entrust us with the transportation of your valuables. Our specialists are trained and equipped to handle the heaviest and most delicate loads in complete safety.<\/p>\t\t\t\t\t\t\t\t<\/div>\n\t\t\t\t<\/div>\n\t\t\t\t<div class=\"elementor-element elementor-element-d8f9f7b elementor-widget elementor-widget-menu-anchor\" data-id=\"d8f9f7b\" data-element_type=\"widget\" data-widget_type=\"menu-anchor.default\">\n\t\t\t\t<div class=\"elementor-widget-container\">\n\t\t\t\t\t\t\t<div class=\"elementor-menu-anchor\" id=\"moving-rates-carignan\"><\/div>\n\t\t\t\t\t\t<\/div>\n\t\t\t\t<\/div>\n\t\t\t\t<div class=\"elementor-element elementor-element-12b150f elementor-widget elementor-widget-heading\" data-id=\"12b150f\" data-element_type=\"widget\" id=\"moving-rates-carignan\" data-widget_type=\"heading.default\">\n\t\t\t\t<div class=\"elementor-widget-container\">\n\t\t\t\t\t<h2 class=\"elementor-heading-title elementor-size-default\">Moving rates in Carignan: clarity and transparency<\/h2>\t\t\t\t<\/div>\n\t\t\t\t<\/div>\n\t\t\t\t<div class=\"elementor-element elementor-element-32a069d elementor-widget elementor-widget-text-editor\" data-id=\"32a069d\" data-element_type=\"widget\" data-widget_type=\"text-editor.default\">\n\t\t\t\t<div class=\"elementor-widget-container\">\n\t\t\t\t\t\t\t\t\t<p>We believe in fair pricing with no surprises. Our prices for moving in Carignan are competitive and adapted to the season to offer you the best value for your money.<\/p>\t\t\t\t\t\t\t\t<\/div>\n\t\t\t\t<\/div>\n\t\t\t\t<div class=\"elementor-element elementor-element-37c3597 elementor-widget elementor-widget-html\" data-id=\"37c3597\" data-element_type=\"widget\" data-widget_type=\"html.default\">\n\t\t\t\t<div class=\"elementor-widget-container\">\n\t\t\t\t\t<style>\/* Responsive table styles *\/\r\n.tarifs-demenagement-carignan {\r\n    width: 100%;\r\n    border-collapse: collapse;\r\n    font-family: -apple-system, BlinkMacSystemFont, 'Segoe UI', Roboto, Oxygen, Ubuntu, sans-serif;\r\n    margin: 20px 0;\r\n    box-shadow: 0 2px 15px rgba(0,0,0,0.1);\r\n    border-radius: 10px;\r\n    overflow: hidden;\r\n}\r\n\r\n.tarifs-demenagement-carignan caption {\r\n    padding: 15px;\r\n    font-size: 1.3em;\r\n    font-weight: 700;\r\n    background: #2c3e50;\r\n    color: #fff;\r\n    text-align: left;\r\n}\r\n\r\n.tarifs-demenagement-carignan thead {\r\n    background: linear-gradient(135deg, #2c3e50, #bf3030);\r\n    color: #fff;\r\n}\r\n\r\n.tarifs-demenagement-carignan th {\r\n    padding: 15px 12px;\r\n    text-align: center;\r\n    font-weight: 600;\r\n    font-size: 1em;\r\n}\r\n\r\n.tarifs-demenagement-carignan th:first-child {\r\n    text-align: left;\r\n}\r\n\r\n.tarifs-demenagement-carignan td {\r\n    padding: 15px 12px;\r\n    text-align: center;\r\n    border-bottom: 1px solid #e0e0e0;\r\n}\r\n\r\n.tarifs-demenagement-carignan td:first-child {\r\n    text-align: left;\r\n    font-weight: 600;\r\n    background: #f8f9fa;\r\n}\r\n\r\n.tarifs-demenagement-carignan tbody tr:hover {\r\n    background-color: #f5f9fc;\r\n}\r\n\r\n.tarifs-demenagement-carignan .prix {\r\n    font-weight: 700;\r\n    color: #2c3e50;\r\n    font-size: 1.1em;\r\n}\r\n\r\n.tarifs-demenagement-carignan .saison-basse {\r\n    border-left: 4px solid #27ae60;\r\n}\r\n\r\n.tarifs-demenagement-carignan .saison-haute {\r\n    border-left: 4px solid #e74c3c;\r\n}\r\n\r\n.tarifs-demenagement-carignan .badge {\r\n    display: inline-block;\r\n    padding: 3px 8px;\r\n    border-radius: 4px;\r\n    font-size: 0.75em;\r\n    margin-left: 5px;\r\n}\r\n\r\n.tarifs-demenagement-carignan .badge-eco {\r\n    background: #d4edda;\r\n    color: #155724;\r\n}\r\n\r\n.tarifs-demenagement-carignan .badge-populaire {\r\n    background: #fff3cd;\r\n    color: #856404;\r\n}\r\n\r\n\/* Mobile Responsive *\/\r\n@media screen and (max-width: 768px) {\r\n    .tarifs-demenagement-carignan {\r\n        font-size: 14px;\r\n    }\r\n    \r\n    .tarifs-demenagement-carignan caption {\r\n        font-size: 1.1em;\r\n        padding: 12px;\r\n    }\r\n    \r\n    .tarifs-demenagement-carignan th,\r\n    .tarifs-demenagement-carignan td {\r\n        padding: 12px 8px;\r\n    }\r\n    \r\n    .tarifs-demenagement-carignan th {\r\n        font-size: 0.9em;\r\n    }\r\n}\r\n\r\n@media screen and (max-width: 480px) {\r\n    .tarifs-demenagement-carignan {\r\n        font-size: 13px;\r\n    }\r\n    \r\n    .tarifs-demenagement-carignan caption {\r\n        font-size: 1em;\r\n        padding: 10px;\r\n    }\r\n    \r\n    .tarifs-demenagement-carignan th,\r\n    .tarifs-demenagement-carignan td {\r\n        padding: 10px 6px;\r\n    }\r\n    \r\n    .tarifs-demenagement-carignan .badge {\r\n        display: block;\r\n        margin: 5px 0 0 0;\r\n    }\r\n}\r\n<\/style>\r\n\r\n<!-- Schema.org for AI Overview and SEO -->\r\n<script type=\"application\/ld+json\">\r\n{\r\n  \"@context\": \"https:\/\/schema.org\",\r\n  \"@type\": \"PriceSpecification\",\r\n  \"name\": \"Carignan Moving Rates\",\r\n  \"description\": \"Hourly rates for moving services in Carignan, Quebec\",\r\n  \"priceCurrency\": \"CAD\",\r\n  \"offers\": [\r\n    {\r\n      \"@type\": \"Offer\",\r\n      \"name\": \"2 Movers + Truck - Low Season\",\r\n      \"price\": \"110\",\r\n      \"priceCurrency\": \"CAD\",\r\n      \"priceValidUntil\": \"2026-04-30\",\r\n      \"availability\": \"https:\/\/schema.org\/InStock\"\r\n    },\r\n    {\r\n      \"@type\": \"Offer\",\r\n      \"name\": \"3 Movers + Truck - Low Season\",\r\n      \"price\": \"140\",\r\n      \"priceCurrency\": \"CAD\",\r\n      \"priceValidUntil\": \"2026-04-30\",\r\n      \"availability\": \"https:\/\/schema.org\/InStock\"\r\n    },\r\n    {\r\n      \"@type\": \"Offer\",\r\n      \"name\": \"2 Movers + Truck - High Season\",\r\n      \"price\": \"130\",\r\n      \"priceCurrency\": \"CAD\",\r\n      \"priceValidUntil\": \"2026-09-30\",\r\n      \"availability\": \"https:\/\/schema.org\/InStock\"\r\n    },\r\n    {\r\n      \"@type\": \"Offer\",\r\n      \"name\": \"3 Movers + Truck - High Season\",\r\n      \"price\": \"175\",\r\n      \"priceCurrency\": \"CAD\",\r\n      \"priceValidUntil\": \"2026-09-30\",\r\n      \"availability\": \"https:\/\/schema.org\/InStock\"\r\n    }\r\n  ]\r\n}\r\n<\/script>\r\n\r\n<!-- Semantic HTML table -->\r\n<table class=\"tarifs-demenagement-carignan\" role=\"table\" aria-label=\"Moving rates in Carignan\">\r\n  <caption>Moving Rates in Carignan<\/caption>\r\n  <thead>\r\n    <tr>\r\n      <th scope=\"col\">Period<\/th>\r\n      <th scope=\"col\">2 Movers + Truck<\/th>\r\n      <th scope=\"col\">3 Movers + Truck<\/th>\r\n    <\/tr>\r\n  <\/thead>\r\n  <tbody>\r\n    <tr class=\"saison-basse\">\r\n      <td>\r\n        <strong>Low Season<\/strong><br\/>\r\n        <small>(October \u2013 April)<\/small>\r\n        <span class=\"badge badge-eco\">Budget-friendly<\/span>\r\n      <\/td>\r\n      <td><span class=\"prix\">Starting at $110\/hour<\/span><\/td>\r\n      <td><span class=\"prix\">Starting at $140\/hour<\/span><\/td>\r\n    <\/tr>\r\n    <tr class=\"saison-haute\">\r\n      <td>\r\n        <strong>High Season<\/strong><br\/>\r\n        <small>(May \u2013 September)<\/small>\r\n        <span class=\"badge badge-populaire\">Most popular<\/span>\r\n      <\/td>\r\n      <td><span class=\"prix\">Starting at $130\/hour<\/span><\/td>\r\n      <td><span class=\"prix\">Starting at $175\/hour<\/span><\/td>\r\n    <\/tr>\r\n  <\/tbody>\r\n<\/table>\r\n\r\n<p style=\"font-size: 0.9em; color: #666; margin-top: 10px; text-align: center;\">\r\n  <em>* These rates are estimates. Contact us for a free and personalized quote.<\/em>\r\n<\/p>\r\n\t\t\t\t<\/div>\n\t\t\t\t<\/div>\n\t\t<div class=\"elementor-element elementor-element-49f0cbad e-con-full e-flex e-con e-child\" data-id=\"49f0cbad\" data-element_type=\"container\" data-settings=\"{&quot;background_background&quot;:&quot;classic&quot;}\">\n\t\t\t\t<div class=\"elementor-element elementor-element-f7bec90 elementor-widget elementor-widget-menu-anchor\" data-id=\"f7bec90\" data-element_type=\"widget\" data-widget_type=\"menu-anchor.default\">\n\t\t\t\t<div class=\"elementor-widget-container\">\n\t\t\t\t\t\t\t<div class=\"elementor-menu-anchor\" id=\"faq-moving-carignan\"><\/div>\n\t\t\t\t\t\t<\/div>\n\t\t\t\t<\/div>\n\t\t\t\t<div class=\"elementor-element elementor-element-298705ee elementor-widget-mobile__width-inherit elementor-widget elementor-widget-heading\" data-id=\"298705ee\" data-element_type=\"widget\" id=\"faq-moving-carignan\" data-widget_type=\"heading.default\">\n\t\t\t\t<div class=\"elementor-widget-container\">\n\t\t\t\t\t<h2 class=\"elementor-heading-title elementor-size-default\">FAQ<\/h2>\t\t\t\t<\/div>\n\t\t\t\t<\/div>\n\t\t\t\t<div class=\"elementor-element elementor-element-614e797 elementor-widget elementor-widget-text-editor\" data-id=\"614e797\" data-element_type=\"widget\" data-widget_type=\"text-editor.default\">\n\t\t\t\t<div class=\"elementor-widget-container\">\n\t\t\t\t\t\t\t\t\t<p>The most common questions people ask when moving to Carignan.<\/p>\t\t\t\t\t\t\t\t<\/div>\n\t\t\t\t<\/div>\n\t\t\t\t<div class=\"elementor-element elementor-element-7311f495 elementor-widget elementor-widget-toggle\" data-id=\"7311f495\" data-element_type=\"widget\" data-widget_type=\"toggle.default\">\n\t\t\t\t<div class=\"elementor-widget-container\">\n\t\t\t\t\t\t\t<div class=\"elementor-toggle\">\n\t\t\t\t\t\t\t<div class=\"elementor-toggle-item\">\n\t\t\t\t\t<div id=\"elementor-tab-title-1931\" class=\"elementor-tab-title\" data-tab=\"1\" role=\"button\" aria-controls=\"elementor-tab-content-1931\" aria-expanded=\"false\">\n\t\t\t\t\t\t\t\t\t\t\t\t<a class=\"elementor-toggle-title\" tabindex=\"0\">What are the advantages of a turnkey removal service?<\/a>\n\t\t\t\t\t<\/div>\n\n\t\t\t\t\t<div id=\"elementor-tab-content-1931\" class=\"elementor-tab-content elementor-clearfix\" data-tab=\"1\" role=\"region\" aria-labelledby=\"elementor-tab-title-1931\"><p>Our turnkey service gives you total peace of mind. We take care of everything: packing, transport, unpacking and installation. It&#8217;s the ideal solution for a stress-free move.<\/p>\n<\/div>\n\t\t\t\t<\/div>\n\t\t\t\t\t\t\t<div class=\"elementor-toggle-item\">\n\t\t\t\t\t<div id=\"elementor-tab-title-1932\" class=\"elementor-tab-title\" data-tab=\"2\" role=\"button\" aria-controls=\"elementor-tab-content-1932\" aria-expanded=\"false\">\n\t\t\t\t\t\t\t\t\t\t\t\t<a class=\"elementor-toggle-title\" tabindex=\"0\">Do you supply packing materials for a move to Carignan?<\/a>\n\t\t\t\t\t<\/div>\n\n\t\t\t\t\t<div id=\"elementor-tab-content-1932\" class=\"elementor-tab-content elementor-clearfix\" data-tab=\"2\" role=\"region\" aria-labelledby=\"elementor-tab-title-1932\"><p>Yes, we can supply professional-quality boxes, bubble wrap, protective blankets and all the materials needed to keep your goods safe.<\/p>\n<\/div>\n\t\t\t\t<\/div>\n\t\t\t\t\t\t\t<div class=\"elementor-toggle-item\">\n\t\t\t\t\t<div id=\"elementor-tab-title-1933\" class=\"elementor-tab-title\" data-tab=\"3\" role=\"button\" aria-controls=\"elementor-tab-content-1933\" aria-expanded=\"false\">\n\t\t\t\t\t\t\t\t\t\t\t\t<a class=\"elementor-toggle-title\" tabindex=\"0\">How can I prepare for my move to Carignan?<\/a>\n\t\t\t\t\t<\/div>\n\n\t\t\t\t\t<div id=\"elementor-tab-content-1933\" class=\"elementor-tab-content elementor-clearfix\" data-tab=\"3\" role=\"region\" aria-labelledby=\"elementor-tab-title-1933\"><p>Good organization is the key. Sort your belongings, clearly identify your boxes and prepare a bag with the essentials you&#8217;ll need as soon as you arrive. We can advise you on best practices.<\/p>\n<\/div>\n\t\t\t\t<\/div>\n\t\t\t\t\t\t\t\t\t\t<script type=\"application\/ld+json\">{\"@context\":\"https:\\\/\\\/schema.org\",\"@type\":\"FAQPage\",\"mainEntity\":[{\"@type\":\"Question\",\"name\":\"What are the advantages of a turnkey removal service?\",\"acceptedAnswer\":{\"@type\":\"Answer\",\"text\":\"<p>Our turnkey service gives you total peace of mind. We take care of everything: packing, transport, unpacking and installation. It&#8217;s the ideal solution for a stress-free move.<\\\/p>\\n\"}},{\"@type\":\"Question\",\"name\":\"Do you supply packing materials for a move to Carignan?\",\"acceptedAnswer\":{\"@type\":\"Answer\",\"text\":\"<p>Yes, we can supply professional-quality boxes, bubble wrap, protective blankets and all the materials needed to keep your goods safe.<\\\/p>\\n\"}},{\"@type\":\"Question\",\"name\":\"How can I prepare for my move to Carignan?\",\"acceptedAnswer\":{\"@type\":\"Answer\",\"text\":\"<p>Good organization is the key. Sort your belongings, clearly identify your boxes and prepare a bag with the essentials you&#8217;ll need as soon as you arrive. We can advise you on best practices.<\\\/p>\\n\"}}]}<\/script>\n\t\t\t\t\t<\/div>\n\t\t\t\t\t\t<\/div>\n\t\t\t\t<\/div>\n\t\t\t\t<\/div>\n\t\t\t\t<div class=\"elementor-element elementor-element-bacd129 elementor-widget elementor-widget-menu-anchor\" data-id=\"bacd129\" data-element_type=\"widget\" data-widget_type=\"menu-anchor.default\">\n\t\t\t\t<div class=\"elementor-widget-container\">\n\t\t\t\t\t\t\t<div class=\"elementor-menu-anchor\" id=\"new-start-in-carignan\"><\/div>\n\t\t\t\t\t\t<\/div>\n\t\t\t\t<\/div>\n\t\t\t\t<div class=\"elementor-element elementor-element-7ddae8e elementor-widget elementor-widget-heading\" data-id=\"7ddae8e\" data-element_type=\"widget\" id=\"new-start-in-carignan\" data-widget_type=\"heading.default\">\n\t\t\t\t<div class=\"elementor-widget-container\">\n\t\t\t\t\t<h2 class=\"elementor-heading-title elementor-size-default\">Ready for your new start in Carignan?\n<\/h2>\t\t\t\t<\/div>\n\t\t\t\t<\/div>\n\t\t<div class=\"elementor-element elementor-element-d07d3df e-grid e-con-full e-con e-child\" data-id=\"d07d3df\" data-element_type=\"container\">\n\t\t\t\t<div class=\"elementor-element elementor-element-a9ee1d0 elementor-widget elementor-widget-image\" data-id=\"a9ee1d0\" data-element_type=\"widget\" data-widget_type=\"image.default\">\n\t\t\t\t<div class=\"elementor-widget-container\">\n\t\t\t\t\t\t\t\t\t\t\t\t\t\t\t<img loading=\"lazy\" decoding=\"async\" width=\"2048\" height=\"971\" src=\"https:\/\/demenagementcargo.com\/wp-content\/uploads\/2024\/08\/20210715_165905-f-scaled-1.jpg\" class=\"attachment-full size-full wp-image-6655\" alt=\"D\u00e9m\u00e9nagement de machine distributrice\" srcset=\"https:\/\/demenagementcargo.com\/wp-content\/uploads\/2024\/08\/20210715_165905-f-scaled-1.jpg 2048w, https:\/\/demenagementcargo.com\/wp-content\/uploads\/2024\/08\/20210715_165905-f-scaled-1-300x142.jpg 300w, https:\/\/demenagementcargo.com\/wp-content\/uploads\/2024\/08\/20210715_165905-f-scaled-1-1024x486.jpg 1024w, https:\/\/demenagementcargo.com\/wp-content\/uploads\/2024\/08\/20210715_165905-f-scaled-1-768x364.jpg 768w, https:\/\/demenagementcargo.com\/wp-content\/uploads\/2024\/08\/20210715_165905-f-scaled-1-1536x728.jpg 1536w\" sizes=\"(max-width: 2048px) 100vw, 2048px\" \/>\t\t\t\t\t\t\t\t\t\t\t\t\t\t\t<\/div>\n\t\t\t\t<\/div>\n\t\t\t\t<div class=\"elementor-element elementor-element-4c36bf6 elementor-widget elementor-widget-image\" data-id=\"4c36bf6\" data-element_type=\"widget\" data-widget_type=\"image.default\">\n\t\t\t\t<div class=\"elementor-widget-container\">\n\t\t\t\t\t\t\t\t\t\t\t\t\t\t\t<img loading=\"lazy\" decoding=\"async\" width=\"1080\" height=\"512\" src=\"https:\/\/demenagementcargo.com\/wp-content\/uploads\/2024\/08\/20211108_090702-scaled-e1690877397964.jpg\" class=\"attachment-full size-full wp-image-6654\" alt=\"D\u00e9m\u00e9nagement Carignan\" srcset=\"https:\/\/demenagementcargo.com\/wp-content\/uploads\/2024\/08\/20211108_090702-scaled-e1690877397964.jpg 1080w, https:\/\/demenagementcargo.com\/wp-content\/uploads\/2024\/08\/20211108_090702-scaled-e1690877397964-300x142.jpg 300w, https:\/\/demenagementcargo.com\/wp-content\/uploads\/2024\/08\/20211108_090702-scaled-e1690877397964-1024x485.jpg 1024w, https:\/\/demenagementcargo.com\/wp-content\/uploads\/2024\/08\/20211108_090702-scaled-e1690877397964-768x364.jpg 768w\" sizes=\"(max-width: 1080px) 100vw, 1080px\" \/>\t\t\t\t\t\t\t\t\t\t\t\t\t\t\t<\/div>\n\t\t\t\t<\/div>\n\t\t\t\t<\/div>\n\t\t\t\t<div class=\"elementor-element elementor-element-ddf134b elementor-widget elementor-widget-text-editor\" data-id=\"ddf134b\" data-element_type=\"widget\" data-widget_type=\"text-editor.default\">\n\t\t\t\t<div class=\"elementor-widget-container\">\n\t\t\t\t\t\t\t\t\t<p>Put your trust in a local team with a proven track record. With <strong>over 12 years&#8217; experience<\/strong> and hundreds of satisfied customers on the South Shore, Demenagement Cargo Transport is your best ally for moving in Carignan, as well as in all the <a href=\"https:\/\/demenagementcargo.com\/service\/villes-desservies\/\" target=\"_blank\" rel=\"noopener\">cities served<\/a> on Montreal&#8217;s South Shore.<\/p><p>Call us today at <a href=\"tel:+14389378986\" target=\"_blank\" rel=\"noopener\">(438) 937-8986<\/a> or <a href=\"https:\/\/demenagementcargo.com\/en\/moving-estimate\/\" target=\"_blank\" rel=\"noopener\">fill out our online form<\/a> to get your free quote.<\/p>\t\t\t\t\t\t\t\t<\/div>\n\t\t\t\t<\/div>\n\t\t\t\t\t<\/div>\n\t\t\t\t<\/div>\n\t\t\t\t<\/div>\n\t\t","protected":false},"excerpt":{"rendered":"<p>Moving Carignan: your local partner on the South Shore Planning a moving Carignan? An excellent decision! At Demenagement Cargo Transport, we&#8217;re expert local movers with over 12 years&#8217; experience in the region. We understand that moving is an important step. That&#8217;s why our mission is to make your transition as easy and stress-free as possible. [&hellip;]<\/p>\n","protected":false},"featured_media":6661,"parent":0,"template":"","meta":{"_acf_changed":false},"service-group":[42],"class_list":["post-7628","service","type-service","status-publish","has-post-thumbnail","hentry","service-group-monteregie-en"],"acf":[],"yoast_head":"<!-- This site is optimized with the Yoast SEO Premium plugin v26.5 (Yoast SEO v26.9) - https:\/\/yoast.com\/product\/yoast-seo-premium-wordpress\/ -->\n<title>Professional moving Carignan | 12+ years of local expertise<\/title>\n<meta name=\"description\" content=\"Moving Carignan with Demenagement Cargo. Local team, rates from $110\/hr. Residential, commercial, piano. Free quote!\" \/>\n<meta name=\"robots\" content=\"index, follow, max-snippet:-1, max-image-preview:large, max-video-preview:-1\" \/>\n<link rel=\"canonical\" href=\"https:\/\/demenagementcargo.com\/en\/lieu\/demenageurs-carignan-chambly\/\" \/>\n<meta property=\"og:locale\" content=\"en_US\" \/>\n<meta property=\"og:type\" content=\"article\" \/>\n<meta property=\"og:title\" content=\"Carignan Moving Company\" \/>\n<meta property=\"og:description\" content=\"Moving Carignan with Demenagement Cargo. Local team, rates from $110\/hr. Residential, commercial, piano. Free quote!\" \/>\n<meta property=\"og:url\" content=\"https:\/\/demenagementcargo.com\/en\/lieu\/demenageurs-carignan-chambly\/\" \/>\n<meta property=\"og:site_name\" content=\"D\u00e9m\u00e9nagement Cargo\" \/>\n<meta property=\"article:publisher\" content=\"https:\/\/www.facebook.com\/demenagementcargo\" \/>\n<meta property=\"article:modified_time\" content=\"2026-02-04T15:51:09+00:00\" \/>\n<meta property=\"og:image\" content=\"https:\/\/demenagementcargo.com\/wp-content\/uploads\/2024\/08\/20210902_143116-f-1536x864-1.jpg\" \/>\n\t<meta property=\"og:image:width\" content=\"1536\" \/>\n\t<meta property=\"og:image:height\" content=\"864\" \/>\n\t<meta property=\"og:image:type\" content=\"image\/jpeg\" \/>\n<meta name=\"twitter:card\" content=\"summary_large_image\" \/>\n<meta name=\"twitter:label1\" content=\"Est. reading time\" \/>\n\t<meta name=\"twitter:data1\" content=\"5 minutes\" \/>\n<script type=\"application\/ld+json\" class=\"yoast-schema-graph\">{\"@context\":\"https:\/\/schema.org\",\"@graph\":[{\"@type\":\"WebPage\",\"@id\":\"https:\/\/demenagementcargo.com\/en\/lieu\/demenageurs-carignan-chambly\/\",\"url\":\"https:\/\/demenagementcargo.com\/en\/lieu\/demenageurs-carignan-chambly\/\",\"name\":\"Professional moving Carignan | 12+ years of local expertise\",\"isPartOf\":{\"@id\":\"https:\/\/demenagementcargo.com\/en\/#website\"},\"primaryImageOfPage\":{\"@id\":\"https:\/\/demenagementcargo.com\/en\/lieu\/demenageurs-carignan-chambly\/#primaryimage\"},\"image\":{\"@id\":\"https:\/\/demenagementcargo.com\/en\/lieu\/demenageurs-carignan-chambly\/#primaryimage\"},\"thumbnailUrl\":\"https:\/\/demenagementcargo.com\/wp-content\/uploads\/2024\/08\/20210902_143116-f-1536x864-1.jpg\",\"datePublished\":\"2024-08-05T10:46:03+00:00\",\"dateModified\":\"2026-02-04T15:51:09+00:00\",\"description\":\"Moving Carignan with Demenagement Cargo. Local team, rates from $110\/hr. Residential, commercial, piano. Free quote!\",\"breadcrumb\":{\"@id\":\"https:\/\/demenagementcargo.com\/en\/lieu\/demenageurs-carignan-chambly\/#breadcrumb\"},\"inLanguage\":\"en-CA\",\"potentialAction\":[{\"@type\":\"ReadAction\",\"target\":[\"https:\/\/demenagementcargo.com\/en\/lieu\/demenageurs-carignan-chambly\/\"]}]},{\"@type\":\"ImageObject\",\"inLanguage\":\"en-CA\",\"@id\":\"https:\/\/demenagementcargo.com\/en\/lieu\/demenageurs-carignan-chambly\/#primaryimage\",\"url\":\"https:\/\/demenagementcargo.com\/wp-content\/uploads\/2024\/08\/20210902_143116-f-1536x864-1.jpg\",\"contentUrl\":\"https:\/\/demenagementcargo.com\/wp-content\/uploads\/2024\/08\/20210902_143116-f-1536x864-1.jpg\",\"width\":1536,\"height\":864,\"caption\":\"D\u00e9m\u00e9nagement Carignan,moving Carignan\"},{\"@type\":\"BreadcrumbList\",\"@id\":\"https:\/\/demenagementcargo.com\/en\/lieu\/demenageurs-carignan-chambly\/#breadcrumb\",\"itemListElement\":[{\"@type\":\"ListItem\",\"position\":1,\"name\":\"Accueil\",\"item\":\"https:\/\/demenagementcargo.com\/en\/\"},{\"@type\":\"ListItem\",\"position\":2,\"name\":\"Services\",\"item\":\"https:\/\/demenagementcargo.com\/en\/service\/\"},{\"@type\":\"ListItem\",\"position\":3,\"name\":\"Carignan Moving Company\"}]},{\"@type\":\"WebSite\",\"@id\":\"https:\/\/demenagementcargo.com\/en\/#website\",\"url\":\"https:\/\/demenagementcargo.com\/en\/\",\"name\":\"D\u00e9m\u00e9nagement Cargo Montr\u00e9al\",\"description\":\"D\u00e9m\u00e9nagement rapide et \u00e9conomique \u00e0 Montr\u00e9al\",\"publisher\":{\"@id\":\"https:\/\/demenagementcargo.com\/en\/#organization\"},\"alternateName\":\"D\u00e9m\u00e9nagement Cargo Transport Montr\u00e9al\",\"potentialAction\":[{\"@type\":\"SearchAction\",\"target\":{\"@type\":\"EntryPoint\",\"urlTemplate\":\"https:\/\/demenagementcargo.com\/en\/?s={search_term_string}\"},\"query-input\":{\"@type\":\"PropertyValueSpecification\",\"valueRequired\":true,\"valueName\":\"search_term_string\"}}],\"inLanguage\":\"en-CA\"},{\"@type\":\"Organization\",\"@id\":\"https:\/\/demenagementcargo.com\/en\/#organization\",\"name\":\"D\u00e9m\u00e9nagement Cargo Montr\u00e9al\",\"alternateName\":\"D\u00e9m\u00e9nagement Cargo Transport Montr\u00e9al\",\"url\":\"https:\/\/demenagementcargo.com\/en\/\",\"logo\":{\"@type\":\"ImageObject\",\"inLanguage\":\"en-CA\",\"@id\":\"https:\/\/demenagementcargo.com\/en\/#\/schema\/logo\/image\/\",\"url\":\"https:\/\/demenagementcargo.com\/wp-content\/uploads\/2024\/08\/logocargo.png\",\"contentUrl\":\"https:\/\/demenagementcargo.com\/wp-content\/uploads\/2024\/08\/logocargo.png\",\"width\":512,\"height\":512,\"caption\":\"D\u00e9m\u00e9nagement Cargo Montr\u00e9al\"},\"image\":{\"@id\":\"https:\/\/demenagementcargo.com\/en\/#\/schema\/logo\/image\/\"},\"sameAs\":[\"https:\/\/www.facebook.com\/demenagementcargo\"],\"description\":\"Entreprise de d\u00e9m\u00e9nagement \u00e0 Montr\u00e9al\",\"legalName\":\"D\u00e9m\u00e9nagement Cargo Montr\u00e9al\"}]}<\/script>\n<!-- \/ Yoast SEO Premium plugin. -->","yoast_head_json":{"title":"Professional moving Carignan | 12+ years of local expertise","description":"Moving Carignan with Demenagement Cargo. Local team, rates from $110\/hr. Residential, commercial, piano. Free quote!","robots":{"index":"index","follow":"follow","max-snippet":"max-snippet:-1","max-image-preview":"max-image-preview:large","max-video-preview":"max-video-preview:-1"},"canonical":"https:\/\/demenagementcargo.com\/en\/lieu\/demenageurs-carignan-chambly\/","og_locale":"en_US","og_type":"article","og_title":"Carignan Moving Company","og_description":"Moving Carignan with Demenagement Cargo. Local team, rates from $110\/hr. Residential, commercial, piano. Free quote!","og_url":"https:\/\/demenagementcargo.com\/en\/lieu\/demenageurs-carignan-chambly\/","og_site_name":"D\u00e9m\u00e9nagement Cargo","article_publisher":"https:\/\/www.facebook.com\/demenagementcargo","article_modified_time":"2026-02-04T15:51:09+00:00","og_image":[{"width":1536,"height":864,"url":"https:\/\/demenagementcargo.com\/wp-content\/uploads\/2024\/08\/20210902_143116-f-1536x864-1.jpg","type":"image\/jpeg"}],"twitter_card":"summary_large_image","twitter_misc":{"Est. reading time":"5 minutes"},"schema":{"@context":"https:\/\/schema.org","@graph":[{"@type":"WebPage","@id":"https:\/\/demenagementcargo.com\/en\/lieu\/demenageurs-carignan-chambly\/","url":"https:\/\/demenagementcargo.com\/en\/lieu\/demenageurs-carignan-chambly\/","name":"Professional moving Carignan | 12+ years of local expertise","isPartOf":{"@id":"https:\/\/demenagementcargo.com\/en\/#website"},"primaryImageOfPage":{"@id":"https:\/\/demenagementcargo.com\/en\/lieu\/demenageurs-carignan-chambly\/#primaryimage"},"image":{"@id":"https:\/\/demenagementcargo.com\/en\/lieu\/demenageurs-carignan-chambly\/#primaryimage"},"thumbnailUrl":"https:\/\/demenagementcargo.com\/wp-content\/uploads\/2024\/08\/20210902_143116-f-1536x864-1.jpg","datePublished":"2024-08-05T10:46:03+00:00","dateModified":"2026-02-04T15:51:09+00:00","description":"Moving Carignan with Demenagement Cargo. Local team, rates from $110\/hr. Residential, commercial, piano. Free quote!","breadcrumb":{"@id":"https:\/\/demenagementcargo.com\/en\/lieu\/demenageurs-carignan-chambly\/#breadcrumb"},"inLanguage":"en-CA","potentialAction":[{"@type":"ReadAction","target":["https:\/\/demenagementcargo.com\/en\/lieu\/demenageurs-carignan-chambly\/"]}]},{"@type":"ImageObject","inLanguage":"en-CA","@id":"https:\/\/demenagementcargo.com\/en\/lieu\/demenageurs-carignan-chambly\/#primaryimage","url":"https:\/\/demenagementcargo.com\/wp-content\/uploads\/2024\/08\/20210902_143116-f-1536x864-1.jpg","contentUrl":"https:\/\/demenagementcargo.com\/wp-content\/uploads\/2024\/08\/20210902_143116-f-1536x864-1.jpg","width":1536,"height":864,"caption":"D\u00e9m\u00e9nagement Carignan,moving Carignan"},{"@type":"BreadcrumbList","@id":"https:\/\/demenagementcargo.com\/en\/lieu\/demenageurs-carignan-chambly\/#breadcrumb","itemListElement":[{"@type":"ListItem","position":1,"name":"Accueil","item":"https:\/\/demenagementcargo.com\/en\/"},{"@type":"ListItem","position":2,"name":"Services","item":"https:\/\/demenagementcargo.com\/en\/service\/"},{"@type":"ListItem","position":3,"name":"Carignan Moving Company"}]},{"@type":"WebSite","@id":"https:\/\/demenagementcargo.com\/en\/#website","url":"https:\/\/demenagementcargo.com\/en\/","name":"D\u00e9m\u00e9nagement Cargo Montr\u00e9al","description":"D\u00e9m\u00e9nagement rapide et \u00e9conomique \u00e0 Montr\u00e9al","publisher":{"@id":"https:\/\/demenagementcargo.com\/en\/#organization"},"alternateName":"D\u00e9m\u00e9nagement Cargo Transport Montr\u00e9al","potentialAction":[{"@type":"SearchAction","target":{"@type":"EntryPoint","urlTemplate":"https:\/\/demenagementcargo.com\/en\/?s={search_term_string}"},"query-input":{"@type":"PropertyValueSpecification","valueRequired":true,"valueName":"search_term_string"}}],"inLanguage":"en-CA"},{"@type":"Organization","@id":"https:\/\/demenagementcargo.com\/en\/#organization","name":"D\u00e9m\u00e9nagement Cargo Montr\u00e9al","alternateName":"D\u00e9m\u00e9nagement Cargo Transport Montr\u00e9al","url":"https:\/\/demenagementcargo.com\/en\/","logo":{"@type":"ImageObject","inLanguage":"en-CA","@id":"https:\/\/demenagementcargo.com\/en\/#\/schema\/logo\/image\/","url":"https:\/\/demenagementcargo.com\/wp-content\/uploads\/2024\/08\/logocargo.png","contentUrl":"https:\/\/demenagementcargo.com\/wp-content\/uploads\/2024\/08\/logocargo.png","width":512,"height":512,"caption":"D\u00e9m\u00e9nagement Cargo Montr\u00e9al"},"image":{"@id":"https:\/\/demenagementcargo.com\/en\/#\/schema\/logo\/image\/"},"sameAs":["https:\/\/www.facebook.com\/demenagementcargo"],"description":"Entreprise de d\u00e9m\u00e9nagement \u00e0 Montr\u00e9al","legalName":"D\u00e9m\u00e9nagement Cargo Montr\u00e9al"}]}},"_links":{"self":[{"href":"https:\/\/demenagementcargo.com\/en\/wp-json\/wp\/v2\/service\/7628","targetHints":{"allow":["GET"]}}],"collection":[{"href":"https:\/\/demenagementcargo.com\/en\/wp-json\/wp\/v2\/service"}],"about":[{"href":"https:\/\/demenagementcargo.com\/en\/wp-json\/wp\/v2\/types\/service"}],"version-history":[{"count":57,"href":"https:\/\/demenagementcargo.com\/en\/wp-json\/wp\/v2\/service\/7628\/revisions"}],"predecessor-version":[{"id":34205,"href":"https:\/\/demenagementcargo.com\/en\/wp-json\/wp\/v2\/service\/7628\/revisions\/34205"}],"wp:featuredmedia":[{"embeddable":true,"href":"https:\/\/demenagementcargo.com\/en\/wp-json\/wp\/v2\/media\/6661"}],"wp:attachment":[{"href":"https:\/\/demenagementcargo.com\/en\/wp-json\/wp\/v2\/media?parent=7628"}],"wp:term":[{"taxonomy":"service-group","embeddable":true,"href":"https:\/\/demenagementcargo.com\/en\/wp-json\/wp\/v2\/service-group?post=7628"}],"curies":[{"name":"wp","href":"https:\/\/api.w.org\/{rel}","templated":true}]}}